{"id":4334,"date":"2023-12-14T11:52:18","date_gmt":"2023-12-14T16:52:18","guid":{"rendered":"https:\/\/histoirequebec.qc.ca\/?post_type=member&#038;p=4334"},"modified":"2024-10-28T08:46:21","modified_gmt":"2024-10-28T12:46:21","slug":"societe-dhistoire-de-sainte-brigitte-de-laval","status":"publish","type":"member","link":"https:\/\/histoirequebec.qc.ca\/?member=societe-dhistoire-de-sainte-brigitte-de-laval","title":{"rendered":"Soci\u00e9t\u00e9 d&rsquo;histoire de Sainte-Brigitte-de-Laval"},"content":{"rendered":"\n<p class=\"wp-block-paragraph\">La Soci\u00e9t\u00e9 d&rsquo;histoire de Sainte-Brigitte-de-Laval r\u00e9unit des personnes ayant un int\u00e9r\u00eat pour l\u2019histoire de la ville de Sainte-Brigitte-de-Laval en vue de mettre en \u0153uvre des activit\u00e9s de recherche et de diffusion, de sensibilisation et d\u2019\u00e9ducation, de protection et de mise en valeur.<\/p>\n","protected":false},"author":231,"featured_media":6303,"template":"","member_region":[85],"member_activity":[59,22,25,23,58,57],"member_expertise":[50,49,28,43,27,29,44,48],"member_type":[120],"wf_member_folders":[],"class_list":["post-4334","member","type-member","status-publish","has-post-thumbnail","hentry","member_region-capitale-nationale","member_activity-archives","member_activity-conferences","member_activity-expositions","member_activity-genealogie-ateliers-recherche","member_activity-production-audiovisuelle-et-ou-numerique","member_activity-recherche","member_expertise-anthropologie-ethnologie","member_expertise-archeologie","member_expertise-archives","member_expertise-conquete-britannique-1763-1867","member_expertise-familles-ascendance-genealogie","member_expertise-histoire-culturelle","member_expertise-histoire-moderne-1867-1976","member_expertise-histoire-regionale","member_type-societe-dhistoire-et-ou-de-genealogie"],"acf":[],"yoast_head":"<!-- This site is optimized with the Yoast SEO plugin v28.3 - https:\/\/yoast.com\/product\/yoast-seo-wordpress\/ -->\n<title>Soci\u00e9t\u00e9 d&#039;histoire de Sainte-Brigitte-de-Laval - F\u00e9d\u00e9ration Histoire Qu\u00e9bec<\/title>\n<meta name=\"description\" content=\"La Soci\u00e9t\u00e9 d&#039;histoire de Sainte-Brigitte-de-Laval r\u00e9unit des personnes ayant un int\u00e9r\u00eat pour l\u2019histoire de la ville de Sainte-Brigitte-de-Laval en vue de mettre en \u0153uvre des activit\u00e9s de recherche et de diffusion, de sensibilisation et d\u2019\u00e9ducation, de protection et de mise en valeur.\" \/>\n<meta name=\"robots\" content=\"index, follow, max-snippet:-1, max-image-preview:large, max-video-preview:-1\" \/>\n<link rel=\"canonical\" href=\"https:\/\/histoirequebec.qc.ca\/?member=societe-dhistoire-de-sainte-brigitte-de-laval\" \/>\n<meta property=\"og:locale\" content=\"fr_CA\" \/>\n<meta property=\"og:type\" content=\"article\" \/>\n<meta property=\"og:title\" content=\"Soci\u00e9t\u00e9 d&#039;histoire de Sainte-Brigitte-de-Laval - F\u00e9d\u00e9ration Histoire Qu\u00e9bec\" \/>\n<meta property=\"og:description\" content=\"La Soci\u00e9t\u00e9 d&#039;histoire de Sainte-Brigitte-de-Laval r\u00e9unit des personnes ayant un int\u00e9r\u00eat pour l\u2019histoire de la ville de Sainte-Brigitte-de-Laval en vue de mettre en \u0153uvre des activit\u00e9s de recherche et de diffusion, de sensibilisation et d\u2019\u00e9ducation, de protection et de mise en valeur.\" \/>\n<meta property=\"og:url\" content=\"https:\/\/histoirequebec.qc.ca\/?member=societe-dhistoire-de-sainte-brigitte-de-laval\" \/>\n<meta property=\"og:site_name\" content=\"F\u00e9d\u00e9ration Histoire Qu\u00e9bec\" \/>\n<meta property=\"article:publisher\" content=\"https:\/\/www.facebook.com\/histoirequebec\/\" \/>\n<meta property=\"article:modified_time\" content=\"2024-10-28T12:46:21+00:00\" \/>\n<meta property=\"og:image\" content=\"https:\/\/histoirequebec.qc.ca\/wp-content\/uploads\/2023\/12\/SHSBL_Logo_Noir_web_petit-4.jpg\" \/>\n\t<meta property=\"og:image:width\" content=\"540\" \/>\n\t<meta property=\"og:image:height\" content=\"540\" \/>\n\t<meta property=\"og:image:type\" content=\"image\/jpeg\" \/>\n<meta name=\"twitter:card\" content=\"summary_large_image\" \/>\n<meta name=\"twitter:site\" content=\"@FhqQubec\" \/>\n<meta name=\"twitter:label1\" content=\"Estimation du temps de lecture\" \/>\n\t<meta name=\"twitter:data1\" content=\"1 minute\" \/>\n<script type=\"application\/ld+json\" class=\"yoast-schema-graph\">{\"@context\":\"https:\\\/\\\/schema.org\",\"@graph\":[{\"@type\":\"WebPage\",\"@id\":\"https:\\\/\\\/histoirequebec.qc.ca\\\/?member=societe-dhistoire-de-sainte-brigitte-de-laval\",\"url\":\"https:\\\/\\\/histoirequebec.qc.ca\\\/?member=societe-dhistoire-de-sainte-brigitte-de-laval\",\"name\":\"Soci\u00e9t\u00e9 d'histoire de Sainte-Brigitte-de-Laval - F\u00e9d\u00e9ration Histoire Qu\u00e9bec\",\"isPartOf\":{\"@id\":\"https:\\\/\\\/histoirequebec.qc.ca\\\/#website\"},\"primaryImageOfPage\":{\"@id\":\"https:\\\/\\\/histoirequebec.qc.ca\\\/?member=societe-dhistoire-de-sainte-brigitte-de-laval#primaryimage\"},\"image\":{\"@id\":\"https:\\\/\\\/histoirequebec.qc.ca\\\/?member=societe-dhistoire-de-sainte-brigitte-de-laval#primaryimage\"},\"thumbnailUrl\":\"https:\\\/\\\/histoirequebec.qc.ca\\\/wp-content\\\/uploads\\\/2023\\\/12\\\/SHSBL_Logo_Noir_web_petit-4.jpg\",\"datePublished\":\"2023-12-14T16:52:18+00:00\",\"dateModified\":\"2024-10-28T12:46:21+00:00\",\"description\":\"La Soci\u00e9t\u00e9 d'histoire de Sainte-Brigitte-de-Laval r\u00e9unit des personnes ayant un int\u00e9r\u00eat pour l\u2019histoire de la ville de Sainte-Brigitte-de-Laval en vue de mettre en \u0153uvre des activit\u00e9s de recherche et de diffusion, de sensibilisation et d\u2019\u00e9ducation, de protection et de mise en valeur.\",\"breadcrumb\":{\"@id\":\"https:\\\/\\\/histoirequebec.qc.ca\\\/?member=societe-dhistoire-de-sainte-brigitte-de-laval#breadcrumb\"},\"inLanguage\":\"fr-CA\",\"potentialAction\":[{\"@type\":\"ReadAction\",\"target\":[\"https:\\\/\\\/histoirequebec.qc.ca\\\/?member=societe-dhistoire-de-sainte-brigitte-de-laval\"]}]},{\"@type\":\"ImageObject\",\"inLanguage\":\"fr-CA\",\"@id\":\"https:\\\/\\\/histoirequebec.qc.ca\\\/?member=societe-dhistoire-de-sainte-brigitte-de-laval#primaryimage\",\"url\":\"https:\\\/\\\/histoirequebec.qc.ca\\\/wp-content\\\/uploads\\\/2023\\\/12\\\/SHSBL_Logo_Noir_web_petit-4.jpg\",\"contentUrl\":\"https:\\\/\\\/histoirequebec.qc.ca\\\/wp-content\\\/uploads\\\/2023\\\/12\\\/SHSBL_Logo_Noir_web_petit-4.jpg\",\"width\":540,\"height\":540},{\"@type\":\"BreadcrumbList\",\"@id\":\"https:\\\/\\\/histoirequebec.qc.ca\\\/?member=societe-dhistoire-de-sainte-brigitte-de-laval#breadcrumb\",\"itemListElement\":[{\"@type\":\"ListItem\",\"position\":1,\"name\":\"Accueil\",\"item\":\"https:\\\/\\\/histoirequebec.qc.ca\\\/\"},{\"@type\":\"ListItem\",\"position\":2,\"name\":\"Membres\",\"item\":\"https:\\\/\\\/histoirequebec.qc.ca\\\/?post_type=member\"},{\"@type\":\"ListItem\",\"position\":3,\"name\":\"Soci\u00e9t\u00e9 d&rsquo;histoire de Sainte-Brigitte-de-Laval\"}]},{\"@type\":\"WebSite\",\"@id\":\"https:\\\/\\\/histoirequebec.qc.ca\\\/#website\",\"url\":\"https:\\\/\\\/histoirequebec.qc.ca\\\/\",\"name\":\"F\u00e9d\u00e9ration Histoire Qu\u00e9bec\",\"description\":\"\",\"publisher\":{\"@id\":\"https:\\\/\\\/histoirequebec.qc.ca\\\/#organization\"},\"potentialAction\":[{\"@type\":\"SearchAction\",\"target\":{\"@type\":\"EntryPoint\",\"urlTemplate\":\"https:\\\/\\\/histoirequebec.qc.ca\\\/?s={search_term_string}\"},\"query-input\":{\"@type\":\"PropertyValueSpecification\",\"valueRequired\":true,\"valueName\":\"search_term_string\"}}],\"inLanguage\":\"fr-CA\"},{\"@type\":\"Organization\",\"@id\":\"https:\\\/\\\/histoirequebec.qc.ca\\\/#organization\",\"name\":\"F\u00e9d\u00e9ration Histoire Qu\u00e9bec\",\"url\":\"https:\\\/\\\/histoirequebec.qc.ca\\\/\",\"logo\":{\"@type\":\"ImageObject\",\"inLanguage\":\"fr-CA\",\"@id\":\"https:\\\/\\\/histoirequebec.qc.ca\\\/#\\\/schema\\\/logo\\\/image\\\/\",\"url\":\"https:\\\/\\\/histoirequebec.qc.ca\\\/wp-content\\\/uploads\\\/2023\\\/12\\\/header_logo.png\",\"contentUrl\":\"https:\\\/\\\/histoirequebec.qc.ca\\\/wp-content\\\/uploads\\\/2023\\\/12\\\/header_logo.png\",\"width\":250,\"height\":87,\"caption\":\"F\u00e9d\u00e9ration Histoire Qu\u00e9bec\"},\"image\":{\"@id\":\"https:\\\/\\\/histoirequebec.qc.ca\\\/#\\\/schema\\\/logo\\\/image\\\/\"},\"sameAs\":[\"https:\\\/\\\/www.facebook.com\\\/histoirequebec\\\/\",\"https:\\\/\\\/x.com\\\/FhqQubec\",\"https:\\\/\\\/www.linkedin.com\\\/company\\\/fdration-histoire-qubec\",\"https:\\\/\\\/www.instagram.com\\\/federationhistoirequebec\\\/\",\"https:\\\/\\\/masto.ai\\\/@HistoireQuebec\"]}]}<\/script>\n<!-- \/ Yoast SEO plugin. -->","yoast_head_json":{"title":"Soci\u00e9t\u00e9 d'histoire de Sainte-Brigitte-de-Laval - F\u00e9d\u00e9ration Histoire Qu\u00e9bec","description":"La Soci\u00e9t\u00e9 d'histoire de Sainte-Brigitte-de-Laval r\u00e9unit des personnes ayant un int\u00e9r\u00eat pour l\u2019histoire de la ville de Sainte-Brigitte-de-Laval en vue de mettre en \u0153uvre des activit\u00e9s de recherche et de diffusion, de sensibilisation et d\u2019\u00e9ducation, de protection et de mise en valeur.","robots":{"index":"index","follow":"follow","max-snippet":"max-snippet:-1","max-image-preview":"max-image-preview:large","max-video-preview":"max-video-preview:-1"},"canonical":"https:\/\/histoirequebec.qc.ca\/?member=societe-dhistoire-de-sainte-brigitte-de-laval","og_locale":"fr_CA","og_type":"article","og_title":"Soci\u00e9t\u00e9 d'histoire de Sainte-Brigitte-de-Laval - F\u00e9d\u00e9ration Histoire Qu\u00e9bec","og_description":"La Soci\u00e9t\u00e9 d'histoire de Sainte-Brigitte-de-Laval r\u00e9unit des personnes ayant un int\u00e9r\u00eat pour l\u2019histoire de la ville de Sainte-Brigitte-de-Laval en vue de mettre en \u0153uvre des activit\u00e9s de recherche et de diffusion, de sensibilisation et d\u2019\u00e9ducation, de protection et de mise en valeur.","og_url":"https:\/\/histoirequebec.qc.ca\/?member=societe-dhistoire-de-sainte-brigitte-de-laval","og_site_name":"F\u00e9d\u00e9ration Histoire Qu\u00e9bec","article_publisher":"https:\/\/www.facebook.com\/histoirequebec\/","article_modified_time":"2024-10-28T12:46:21+00:00","og_image":[{"width":540,"height":540,"url":"https:\/\/histoirequebec.qc.ca\/wp-content\/uploads\/2023\/12\/SHSBL_Logo_Noir_web_petit-4.jpg","type":"image\/jpeg"}],"twitter_card":"summary_large_image","twitter_site":"@FhqQubec","twitter_misc":{"Estimation du temps de lecture":"1 minute"},"schema":{"@context":"https:\/\/schema.org","@graph":[{"@type":"WebPage","@id":"https:\/\/histoirequebec.qc.ca\/?member=societe-dhistoire-de-sainte-brigitte-de-laval","url":"https:\/\/histoirequebec.qc.ca\/?member=societe-dhistoire-de-sainte-brigitte-de-laval","name":"Soci\u00e9t\u00e9 d'histoire de Sainte-Brigitte-de-Laval - F\u00e9d\u00e9ration Histoire Qu\u00e9bec","isPartOf":{"@id":"https:\/\/histoirequebec.qc.ca\/#website"},"primaryImageOfPage":{"@id":"https:\/\/histoirequebec.qc.ca\/?member=societe-dhistoire-de-sainte-brigitte-de-laval#primaryimage"},"image":{"@id":"https:\/\/histoirequebec.qc.ca\/?member=societe-dhistoire-de-sainte-brigitte-de-laval#primaryimage"},"thumbnailUrl":"https:\/\/histoirequebec.qc.ca\/wp-content\/uploads\/2023\/12\/SHSBL_Logo_Noir_web_petit-4.jpg","datePublished":"2023-12-14T16:52:18+00:00","dateModified":"2024-10-28T12:46:21+00:00","description":"La Soci\u00e9t\u00e9 d'histoire de Sainte-Brigitte-de-Laval r\u00e9unit des personnes ayant un int\u00e9r\u00eat pour l\u2019histoire de la ville de Sainte-Brigitte-de-Laval en vue de mettre en \u0153uvre des activit\u00e9s de recherche et de diffusion, de sensibilisation et d\u2019\u00e9ducation, de protection et de mise en valeur.","breadcrumb":{"@id":"https:\/\/histoirequebec.qc.ca\/?member=societe-dhistoire-de-sainte-brigitte-de-laval#breadcrumb"},"inLanguage":"fr-CA","potentialAction":[{"@type":"ReadAction","target":["https:\/\/histoirequebec.qc.ca\/?member=societe-dhistoire-de-sainte-brigitte-de-laval"]}]},{"@type":"ImageObject","inLanguage":"fr-CA","@id":"https:\/\/histoirequebec.qc.ca\/?member=societe-dhistoire-de-sainte-brigitte-de-laval#primaryimage","url":"https:\/\/histoirequebec.qc.ca\/wp-content\/uploads\/2023\/12\/SHSBL_Logo_Noir_web_petit-4.jpg","contentUrl":"https:\/\/histoirequebec.qc.ca\/wp-content\/uploads\/2023\/12\/SHSBL_Logo_Noir_web_petit-4.jpg","width":540,"height":540},{"@type":"BreadcrumbList","@id":"https:\/\/histoirequebec.qc.ca\/?member=societe-dhistoire-de-sainte-brigitte-de-laval#breadcrumb","itemListElement":[{"@type":"ListItem","position":1,"name":"Accueil","item":"https:\/\/histoirequebec.qc.ca\/"},{"@type":"ListItem","position":2,"name":"Membres","item":"https:\/\/histoirequebec.qc.ca\/?post_type=member"},{"@type":"ListItem","position":3,"name":"Soci\u00e9t\u00e9 d&rsquo;histoire de Sainte-Brigitte-de-Laval"}]},{"@type":"WebSite","@id":"https:\/\/histoirequebec.qc.ca\/#website","url":"https:\/\/histoirequebec.qc.ca\/","name":"F\u00e9d\u00e9ration Histoire Qu\u00e9bec","description":"","publisher":{"@id":"https:\/\/histoirequebec.qc.ca\/#organization"},"potentialAction":[{"@type":"SearchAction","target":{"@type":"EntryPoint","urlTemplate":"https:\/\/histoirequebec.qc.ca\/?s={search_term_string}"},"query-input":{"@type":"PropertyValueSpecification","valueRequired":true,"valueName":"search_term_string"}}],"inLanguage":"fr-CA"},{"@type":"Organization","@id":"https:\/\/histoirequebec.qc.ca\/#organization","name":"F\u00e9d\u00e9ration Histoire Qu\u00e9bec","url":"https:\/\/histoirequebec.qc.ca\/","logo":{"@type":"ImageObject","inLanguage":"fr-CA","@id":"https:\/\/histoirequebec.qc.ca\/#\/schema\/logo\/image\/","url":"https:\/\/histoirequebec.qc.ca\/wp-content\/uploads\/2023\/12\/header_logo.png","contentUrl":"https:\/\/histoirequebec.qc.ca\/wp-content\/uploads\/2023\/12\/header_logo.png","width":250,"height":87,"caption":"F\u00e9d\u00e9ration Histoire Qu\u00e9bec"},"image":{"@id":"https:\/\/histoirequebec.qc.ca\/#\/schema\/logo\/image\/"},"sameAs":["https:\/\/www.facebook.com\/histoirequebec\/","https:\/\/x.com\/FhqQubec","https:\/\/www.linkedin.com\/company\/fdration-histoire-qubec","https:\/\/www.instagram.com\/federationhistoirequebec\/","https:\/\/masto.ai\/@HistoireQuebec"]}]}},"_links":{"self":[{"href":"https:\/\/histoirequebec.qc.ca\/index.php?rest_route=\/wp\/v2\/member\/4334","targetHints":{"allow":["GET"]}}],"collection":[{"href":"https:\/\/histoirequebec.qc.ca\/index.php?rest_route=\/wp\/v2\/member"}],"about":[{"href":"https:\/\/histoirequebec.qc.ca\/index.php?rest_route=\/wp\/v2\/types\/member"}],"author":[{"embeddable":true,"href":"https:\/\/histoirequebec.qc.ca\/index.php?rest_route=\/wp\/v2\/users\/231"}],"wp:featuredmedia":[{"embeddable":true,"href":"https:\/\/histoirequebec.qc.ca\/index.php?rest_route=\/wp\/v2\/media\/6303"}],"wp:attachment":[{"href":"https:\/\/histoirequebec.qc.ca\/index.php?rest_route=%2Fwp%2Fv2%2Fmedia&parent=4334"}],"wp:term":[{"taxonomy":"member_region","embeddable":true,"href":"https:\/\/histoirequebec.qc.ca\/index.php?rest_route=%2Fwp%2Fv2%2Fmember_region&post=4334"},{"taxonomy":"member_activity","embeddable":true,"href":"https:\/\/histoirequebec.qc.ca\/index.php?rest_route=%2Fwp%2Fv2%2Fmember_activity&post=4334"},{"taxonomy":"member_expertise","embeddable":true,"href":"https:\/\/histoirequebec.qc.ca\/index.php?rest_route=%2Fwp%2Fv2%2Fmember_expertise&post=4334"},{"taxonomy":"member_type","embeddable":true,"href":"https:\/\/histoirequebec.qc.ca\/index.php?rest_route=%2Fwp%2Fv2%2Fmember_type&post=4334"},{"taxonomy":"wf_member_folders","embeddable":true,"href":"https:\/\/histoirequebec.qc.ca\/index.php?rest_route=%2Fwp%2Fv2%2Fwf_member_folders&post=4334"}],"curies":[{"name":"wp","href":"https:\/\/api.w.org\/{rel}","templated":true}]}}