{"id":4713,"date":"2024-01-25T10:06:28","date_gmt":"2024-01-25T15:06:28","guid":{"rendered":"https:\/\/histoirequebec.qc.ca\/?post_type=member&#038;p=4713"},"modified":"2025-04-16T14:40:22","modified_gmt":"2025-04-16T18:40:22","slug":"lusine-a-histoires","status":"publish","type":"member","link":"https:\/\/histoirequebec.qc.ca\/?member=lusine-a-histoires","title":{"rendered":"L&rsquo;Usine \u00e0 histoire(s)"},"content":{"rendered":"\n<p class=\"has-dark-blue-color has-text-color has-link-color wp-elements-1 wp-block-paragraph\"><\/p>\n\n\n\n<p class=\"wp-block-paragraph\">L\u2019Usine \u00e0 histoire(s) se passionne pour les projets o\u00f9 s\u2019entrecroisent l\u2019histoire, le patrimoine et la m\u00e9moire. Notre organisation sans but lucratif mise sur les expertises compl\u00e9mentaires de ses membres en histoire, mus\u00e9ologie, archivistique, patrimoine et am\u00e9nagement pour d\u00e9velopper des contenus riches et engageants. Si n\u00e9cessaire, l\u2019\u00e9quipe sait s\u2019entourer de collaborateurs exp\u00e9riment\u00e9s et talentueux en design, architecture, arch\u00e9ologie et ethnologie pour livrer des projets qui r\u00e9pondent aux besoins sp\u00e9cifiques de ses partenaires.<\/p>\n\n\n\n<p class=\"wp-block-paragraph\">Que votre projet soit petit ou grand, nous vous accompagnons pour :<\/p>\n\n\n\n<ul class=\"wp-block-list\">\n<li>Recherche et documentation (archives, entrevues, artefacts, iconographies, audiovisuels)<\/li>\n\n\n\n<li>Synth\u00e8se historique<\/li>\n\n\n\n<li>Conception et sc\u00e9narisation d\u2019expositions ou de parcours d\u2019interpr\u00e9tation<\/li>\n\n\n\n<li>Inventaire du patrimoine b\u00e2ti<\/li>\n\n\n\n<li>Caract\u00e9risation du territoire<\/li>\n\n\n\n<li>\u00c9tude patrimoniale<\/li>\n\n\n\n<li>\u00c9tude dans le cadre d\u2019interventions arch\u00e9ologiques<\/li>\n<\/ul>\n\n\n\n<p class=\"wp-block-paragraph\">Liste de clients : Minist\u00e8re de la Culture et des Communications, Hydro-Qu\u00e9bec, MRC de L\u2019Islet, Mus\u00e9e Pointe-\u00e0-Calli\u00e8re, Ville de Longueuil, MEM &#8211; Centre des m\u00e9moires montr\u00e9alaises, MRC de Deux-Montagnes, Mus\u00e9e de la civilisation, Ville de Laval, Ark\u00e9os inc, MRC du Haut-Saint-Laurent,&nbsp; Mus\u00e9e Pop, Interf\u00e9rences. Arts et technologies, MRC d\u2019Argenteuil,&nbsp; MRC de D\u2019Autray,&nbsp;<\/p>\n","protected":false},"author":161,"featured_media":4714,"template":"","member_region":[21],"member_activity":[25,26,140,57,63],"member_expertise":[49,28,52,48,31,53,32],"member_type":[129],"wf_member_folders":[],"class_list":["post-4713","member","type-member","status-publish","has-post-thumbnail","hentry","member_region-montreal","member_activity-expositions","member_activity-inventaires-patrimoniaux","member_activity-mediation-et-visites-guidees","member_activity-recherche","member_activity-services-aux-municipalites","member_expertise-archeologie","member_expertise-archives","member_expertise-commemoration","member_expertise-histoire-regionale","member_expertise-patrimoine-bati-patrimoine-architectural","member_expertise-patrimoine-naturel-et-paysager","member_expertise-patrimoine-technologique","member_type-entreprise-privee"],"acf":[],"yoast_head":"<!-- This site is optimized with the Yoast SEO plugin v28.3 - https:\/\/yoast.com\/product\/yoast-seo-wordpress\/ -->\n<title>L&#039;Usine \u00e0 histoire(s) - F\u00e9d\u00e9ration Histoire Qu\u00e9bec<\/title>\n<meta name=\"robots\" content=\"index, follow, max-snippet:-1, max-image-preview:large, max-video-preview:-1\" \/>\n<link rel=\"canonical\" href=\"https:\/\/histoirequebec.qc.ca\/?member=lusine-a-histoires\" \/>\n<meta property=\"og:locale\" content=\"fr_CA\" \/>\n<meta property=\"og:type\" content=\"article\" \/>\n<meta property=\"og:title\" content=\"L&#039;Usine \u00e0 histoire(s) - F\u00e9d\u00e9ration Histoire Qu\u00e9bec\" \/>\n<meta property=\"og:description\" content=\"L\u2019Usine \u00e0 histoire(s) se passionne pour les projets o\u00f9 s\u2019entrecroisent l\u2019histoire, le patrimoine et la m\u00e9moire. Notre organisation sans but lucratif mise sur les expertises compl\u00e9mentaires de ses membres en histoire, mus\u00e9ologie, archivistique, patrimoine et am\u00e9nagement pour d\u00e9velopper des contenus riches et engageants. Si n\u00e9cessaire, l\u2019\u00e9quipe sait s\u2019entourer de collaborateurs exp\u00e9riment\u00e9s et talentueux en design, [&hellip;]\" \/>\n<meta property=\"og:url\" content=\"https:\/\/histoirequebec.qc.ca\/?member=lusine-a-histoires\" \/>\n<meta property=\"og:site_name\" content=\"F\u00e9d\u00e9ration Histoire Qu\u00e9bec\" \/>\n<meta property=\"article:publisher\" content=\"https:\/\/www.facebook.com\/histoirequebec\/\" \/>\n<meta property=\"article:modified_time\" content=\"2025-04-16T18:40:22+00:00\" \/>\n<meta property=\"og:image\" content=\"https:\/\/histoirequebec.qc.ca\/wp-content\/uploads\/2024\/01\/usineahistoire.jpg\" \/>\n\t<meta property=\"og:image:width\" content=\"731\" \/>\n\t<meta property=\"og:image:height\" content=\"731\" \/>\n\t<meta property=\"og:image:type\" content=\"image\/jpeg\" \/>\n<meta name=\"twitter:card\" content=\"summary_large_image\" \/>\n<meta name=\"twitter:site\" content=\"@FhqQubec\" \/>\n<meta name=\"twitter:label1\" content=\"Estimation du temps de lecture\" \/>\n\t<meta name=\"twitter:data1\" content=\"1 minute\" \/>\n<script type=\"application\/ld+json\" class=\"yoast-schema-graph\">{\"@context\":\"https:\\\/\\\/schema.org\",\"@graph\":[{\"@type\":\"WebPage\",\"@id\":\"https:\\\/\\\/histoirequebec.qc.ca\\\/?member=lusine-a-histoires\",\"url\":\"https:\\\/\\\/histoirequebec.qc.ca\\\/?member=lusine-a-histoires\",\"name\":\"L'Usine \u00e0 histoire(s) - F\u00e9d\u00e9ration Histoire Qu\u00e9bec\",\"isPartOf\":{\"@id\":\"https:\\\/\\\/histoirequebec.qc.ca\\\/#website\"},\"primaryImageOfPage\":{\"@id\":\"https:\\\/\\\/histoirequebec.qc.ca\\\/?member=lusine-a-histoires#primaryimage\"},\"image\":{\"@id\":\"https:\\\/\\\/histoirequebec.qc.ca\\\/?member=lusine-a-histoires#primaryimage\"},\"thumbnailUrl\":\"https:\\\/\\\/histoirequebec.qc.ca\\\/wp-content\\\/uploads\\\/2024\\\/01\\\/usineahistoire.jpg\",\"datePublished\":\"2024-01-25T15:06:28+00:00\",\"dateModified\":\"2025-04-16T18:40:22+00:00\",\"breadcrumb\":{\"@id\":\"https:\\\/\\\/histoirequebec.qc.ca\\\/?member=lusine-a-histoires#breadcrumb\"},\"inLanguage\":\"fr-CA\",\"potentialAction\":[{\"@type\":\"ReadAction\",\"target\":[\"https:\\\/\\\/histoirequebec.qc.ca\\\/?member=lusine-a-histoires\"]}]},{\"@type\":\"ImageObject\",\"inLanguage\":\"fr-CA\",\"@id\":\"https:\\\/\\\/histoirequebec.qc.ca\\\/?member=lusine-a-histoires#primaryimage\",\"url\":\"https:\\\/\\\/histoirequebec.qc.ca\\\/wp-content\\\/uploads\\\/2024\\\/01\\\/usineahistoire.jpg\",\"contentUrl\":\"https:\\\/\\\/histoirequebec.qc.ca\\\/wp-content\\\/uploads\\\/2024\\\/01\\\/usineahistoire.jpg\",\"width\":731,\"height\":731},{\"@type\":\"BreadcrumbList\",\"@id\":\"https:\\\/\\\/histoirequebec.qc.ca\\\/?member=lusine-a-histoires#breadcrumb\",\"itemListElement\":[{\"@type\":\"ListItem\",\"position\":1,\"name\":\"Accueil\",\"item\":\"https:\\\/\\\/histoirequebec.qc.ca\\\/\"},{\"@type\":\"ListItem\",\"position\":2,\"name\":\"Membres\",\"item\":\"https:\\\/\\\/histoirequebec.qc.ca\\\/?post_type=member\"},{\"@type\":\"ListItem\",\"position\":3,\"name\":\"L&rsquo;Usine \u00e0 histoire(s)\"}]},{\"@type\":\"WebSite\",\"@id\":\"https:\\\/\\\/histoirequebec.qc.ca\\\/#website\",\"url\":\"https:\\\/\\\/histoirequebec.qc.ca\\\/\",\"name\":\"F\u00e9d\u00e9ration Histoire Qu\u00e9bec\",\"description\":\"\",\"publisher\":{\"@id\":\"https:\\\/\\\/histoirequebec.qc.ca\\\/#organization\"},\"potentialAction\":[{\"@type\":\"SearchAction\",\"target\":{\"@type\":\"EntryPoint\",\"urlTemplate\":\"https:\\\/\\\/histoirequebec.qc.ca\\\/?s={search_term_string}\"},\"query-input\":{\"@type\":\"PropertyValueSpecification\",\"valueRequired\":true,\"valueName\":\"search_term_string\"}}],\"inLanguage\":\"fr-CA\"},{\"@type\":\"Organization\",\"@id\":\"https:\\\/\\\/histoirequebec.qc.ca\\\/#organization\",\"name\":\"F\u00e9d\u00e9ration Histoire Qu\u00e9bec\",\"url\":\"https:\\\/\\\/histoirequebec.qc.ca\\\/\",\"logo\":{\"@type\":\"ImageObject\",\"inLanguage\":\"fr-CA\",\"@id\":\"https:\\\/\\\/histoirequebec.qc.ca\\\/#\\\/schema\\\/logo\\\/image\\\/\",\"url\":\"https:\\\/\\\/histoirequebec.qc.ca\\\/wp-content\\\/uploads\\\/2023\\\/12\\\/header_logo.png\",\"contentUrl\":\"https:\\\/\\\/histoirequebec.qc.ca\\\/wp-content\\\/uploads\\\/2023\\\/12\\\/header_logo.png\",\"width\":250,\"height\":87,\"caption\":\"F\u00e9d\u00e9ration Histoire Qu\u00e9bec\"},\"image\":{\"@id\":\"https:\\\/\\\/histoirequebec.qc.ca\\\/#\\\/schema\\\/logo\\\/image\\\/\"},\"sameAs\":[\"https:\\\/\\\/www.facebook.com\\\/histoirequebec\\\/\",\"https:\\\/\\\/x.com\\\/FhqQubec\",\"https:\\\/\\\/www.linkedin.com\\\/company\\\/fdration-histoire-qubec\",\"https:\\\/\\\/www.instagram.com\\\/federationhistoirequebec\\\/\",\"https:\\\/\\\/masto.ai\\\/@HistoireQuebec\"]}]}<\/script>\n<!-- \/ Yoast SEO plugin. -->","yoast_head_json":{"title":"L'Usine \u00e0 histoire(s) - F\u00e9d\u00e9ration Histoire Qu\u00e9bec","robots":{"index":"index","follow":"follow","max-snippet":"max-snippet:-1","max-image-preview":"max-image-preview:large","max-video-preview":"max-video-preview:-1"},"canonical":"https:\/\/histoirequebec.qc.ca\/?member=lusine-a-histoires","og_locale":"fr_CA","og_type":"article","og_title":"L'Usine \u00e0 histoire(s) - F\u00e9d\u00e9ration Histoire Qu\u00e9bec","og_description":"L\u2019Usine \u00e0 histoire(s) se passionne pour les projets o\u00f9 s\u2019entrecroisent l\u2019histoire, le patrimoine et la m\u00e9moire. Notre organisation sans but lucratif mise sur les expertises compl\u00e9mentaires de ses membres en histoire, mus\u00e9ologie, archivistique, patrimoine et am\u00e9nagement pour d\u00e9velopper des contenus riches et engageants. Si n\u00e9cessaire, l\u2019\u00e9quipe sait s\u2019entourer de collaborateurs exp\u00e9riment\u00e9s et talentueux en design, [&hellip;]","og_url":"https:\/\/histoirequebec.qc.ca\/?member=lusine-a-histoires","og_site_name":"F\u00e9d\u00e9ration Histoire Qu\u00e9bec","article_publisher":"https:\/\/www.facebook.com\/histoirequebec\/","article_modified_time":"2025-04-16T18:40:22+00:00","og_image":[{"width":731,"height":731,"url":"https:\/\/histoirequebec.qc.ca\/wp-content\/uploads\/2024\/01\/usineahistoire.jpg","type":"image\/jpeg"}],"twitter_card":"summary_large_image","twitter_site":"@FhqQubec","twitter_misc":{"Estimation du temps de lecture":"1 minute"},"schema":{"@context":"https:\/\/schema.org","@graph":[{"@type":"WebPage","@id":"https:\/\/histoirequebec.qc.ca\/?member=lusine-a-histoires","url":"https:\/\/histoirequebec.qc.ca\/?member=lusine-a-histoires","name":"L'Usine \u00e0 histoire(s) - F\u00e9d\u00e9ration Histoire Qu\u00e9bec","isPartOf":{"@id":"https:\/\/histoirequebec.qc.ca\/#website"},"primaryImageOfPage":{"@id":"https:\/\/histoirequebec.qc.ca\/?member=lusine-a-histoires#primaryimage"},"image":{"@id":"https:\/\/histoirequebec.qc.ca\/?member=lusine-a-histoires#primaryimage"},"thumbnailUrl":"https:\/\/histoirequebec.qc.ca\/wp-content\/uploads\/2024\/01\/usineahistoire.jpg","datePublished":"2024-01-25T15:06:28+00:00","dateModified":"2025-04-16T18:40:22+00:00","breadcrumb":{"@id":"https:\/\/histoirequebec.qc.ca\/?member=lusine-a-histoires#breadcrumb"},"inLanguage":"fr-CA","potentialAction":[{"@type":"ReadAction","target":["https:\/\/histoirequebec.qc.ca\/?member=lusine-a-histoires"]}]},{"@type":"ImageObject","inLanguage":"fr-CA","@id":"https:\/\/histoirequebec.qc.ca\/?member=lusine-a-histoires#primaryimage","url":"https:\/\/histoirequebec.qc.ca\/wp-content\/uploads\/2024\/01\/usineahistoire.jpg","contentUrl":"https:\/\/histoirequebec.qc.ca\/wp-content\/uploads\/2024\/01\/usineahistoire.jpg","width":731,"height":731},{"@type":"BreadcrumbList","@id":"https:\/\/histoirequebec.qc.ca\/?member=lusine-a-histoires#breadcrumb","itemListElement":[{"@type":"ListItem","position":1,"name":"Accueil","item":"https:\/\/histoirequebec.qc.ca\/"},{"@type":"ListItem","position":2,"name":"Membres","item":"https:\/\/histoirequebec.qc.ca\/?post_type=member"},{"@type":"ListItem","position":3,"name":"L&rsquo;Usine \u00e0 histoire(s)"}]},{"@type":"WebSite","@id":"https:\/\/histoirequebec.qc.ca\/#website","url":"https:\/\/histoirequebec.qc.ca\/","name":"F\u00e9d\u00e9ration Histoire Qu\u00e9bec","description":"","publisher":{"@id":"https:\/\/histoirequebec.qc.ca\/#organization"},"potentialAction":[{"@type":"SearchAction","target":{"@type":"EntryPoint","urlTemplate":"https:\/\/histoirequebec.qc.ca\/?s={search_term_string}"},"query-input":{"@type":"PropertyValueSpecification","valueRequired":true,"valueName":"search_term_string"}}],"inLanguage":"fr-CA"},{"@type":"Organization","@id":"https:\/\/histoirequebec.qc.ca\/#organization","name":"F\u00e9d\u00e9ration Histoire Qu\u00e9bec","url":"https:\/\/histoirequebec.qc.ca\/","logo":{"@type":"ImageObject","inLanguage":"fr-CA","@id":"https:\/\/histoirequebec.qc.ca\/#\/schema\/logo\/image\/","url":"https:\/\/histoirequebec.qc.ca\/wp-content\/uploads\/2023\/12\/header_logo.png","contentUrl":"https:\/\/histoirequebec.qc.ca\/wp-content\/uploads\/2023\/12\/header_logo.png","width":250,"height":87,"caption":"F\u00e9d\u00e9ration Histoire Qu\u00e9bec"},"image":{"@id":"https:\/\/histoirequebec.qc.ca\/#\/schema\/logo\/image\/"},"sameAs":["https:\/\/www.facebook.com\/histoirequebec\/","https:\/\/x.com\/FhqQubec","https:\/\/www.linkedin.com\/company\/fdration-histoire-qubec","https:\/\/www.instagram.com\/federationhistoirequebec\/","https:\/\/masto.ai\/@HistoireQuebec"]}]}},"_links":{"self":[{"href":"https:\/\/histoirequebec.qc.ca\/index.php?rest_route=\/wp\/v2\/member\/4713","targetHints":{"allow":["GET"]}}],"collection":[{"href":"https:\/\/histoirequebec.qc.ca\/index.php?rest_route=\/wp\/v2\/member"}],"about":[{"href":"https:\/\/histoirequebec.qc.ca\/index.php?rest_route=\/wp\/v2\/types\/member"}],"author":[{"embeddable":true,"href":"https:\/\/histoirequebec.qc.ca\/index.php?rest_route=\/wp\/v2\/users\/161"}],"wp:featuredmedia":[{"embeddable":true,"href":"https:\/\/histoirequebec.qc.ca\/index.php?rest_route=\/wp\/v2\/media\/4714"}],"wp:attachment":[{"href":"https:\/\/histoirequebec.qc.ca\/index.php?rest_route=%2Fwp%2Fv2%2Fmedia&parent=4713"}],"wp:term":[{"taxonomy":"member_region","embeddable":true,"href":"https:\/\/histoirequebec.qc.ca\/index.php?rest_route=%2Fwp%2Fv2%2Fmember_region&post=4713"},{"taxonomy":"member_activity","embeddable":true,"href":"https:\/\/histoirequebec.qc.ca\/index.php?rest_route=%2Fwp%2Fv2%2Fmember_activity&post=4713"},{"taxonomy":"member_expertise","embeddable":true,"href":"https:\/\/histoirequebec.qc.ca\/index.php?rest_route=%2Fwp%2Fv2%2Fmember_expertise&post=4713"},{"taxonomy":"member_type","embeddable":true,"href":"https:\/\/histoirequebec.qc.ca\/index.php?rest_route=%2Fwp%2Fv2%2Fmember_type&post=4713"},{"taxonomy":"wf_member_folders","embeddable":true,"href":"https:\/\/histoirequebec.qc.ca\/index.php?rest_route=%2Fwp%2Fv2%2Fwf_member_folders&post=4713"}],"curies":[{"name":"wp","href":"https:\/\/api.w.org\/{rel}","templated":true}]}}