{"id":5516,"date":"2024-06-25T16:04:44","date_gmt":"2024-06-25T20:04:44","guid":{"rendered":"https:\/\/histoirequebec.qc.ca\/?post_type=member&#038;p=5516"},"modified":"2026-07-26T00:39:17","modified_gmt":"2026-07-26T04:39:17","slug":"societe-dhistoire-sieur-de-champlain","status":"publish","type":"member","link":"https:\/\/histoirequebec.qc.ca\/?member=societe-dhistoire-sieur-de-champlain","title":{"rendered":"Soci\u00e9t\u00e9 d&rsquo;histoire Sieur de Champlain"},"content":{"rendered":"\n<figure class=\"wp-block-image size-large is-resized\"><img loading=\"lazy\" decoding=\"async\" width=\"792\" height=\"1024\" src=\"https:\/\/histoirequebec.qc.ca\/wp-content\/uploads\/2024\/06\/SHSDC-Logo_Astrolabe_15e-3-792x1024.jpg\" alt=\"\" class=\"wp-image-9741\" style=\"aspect-ratio:0.7734450227474459;width:367px;height:auto\" srcset=\"https:\/\/histoirequebec.qc.ca\/wp-content\/uploads\/2024\/06\/SHSDC-Logo_Astrolabe_15e-3-792x1024.jpg 792w, https:\/\/histoirequebec.qc.ca\/wp-content\/uploads\/2024\/06\/SHSDC-Logo_Astrolabe_15e-3-232x300.jpg 232w, https:\/\/histoirequebec.qc.ca\/wp-content\/uploads\/2024\/06\/SHSDC-Logo_Astrolabe_15e-3-768x993.jpg 768w, https:\/\/histoirequebec.qc.ca\/wp-content\/uploads\/2024\/06\/SHSDC-Logo_Astrolabe_15e-3-300x388.jpg 300w, https:\/\/histoirequebec.qc.ca\/wp-content\/uploads\/2024\/06\/SHSDC-Logo_Astrolabe_15e-3-600x776.jpg 600w, https:\/\/histoirequebec.qc.ca\/wp-content\/uploads\/2024\/06\/SHSDC-Logo_Astrolabe_15e-3.jpg 910w\" sizes=\"auto, (max-width: 792px) 100vw, 792px\" \/><\/figure>\n\n\n\n<div class=\"wp-block-columns is-layout-flex wp-container-core-columns-is-layout-fe36ab8b wp-block-columns-is-layout-flex\">\n<div class=\"wp-block-column is-layout-flow wp-block-column-is-layout-flow\">\n<figure class=\"wp-block-image size-full is-resized\"><img loading=\"lazy\" decoding=\"async\" width=\"565\" height=\"125\" src=\"https:\/\/histoirequebec.qc.ca\/wp-content\/uploads\/2024\/06\/Champlain-Signature-copie-1.jpg\" alt=\"\" class=\"wp-image-6116\" style=\"width:488px;height:auto\" srcset=\"https:\/\/histoirequebec.qc.ca\/wp-content\/uploads\/2024\/06\/Champlain-Signature-copie-1.jpg 565w, https:\/\/histoirequebec.qc.ca\/wp-content\/uploads\/2024\/06\/Champlain-Signature-copie-1-300x66.jpg 300w\" sizes=\"auto, (max-width: 565px) 100vw, 565px\" \/><figcaption class=\"wp-element-caption\">Screenshot<\/figcaption><\/figure>\n\n\n\n<figure class=\"wp-block-image size-full is-resized\"><img loading=\"lazy\" decoding=\"async\" width=\"2560\" height=\"2219\" src=\"https:\/\/histoirequebec.qc.ca\/wp-content\/uploads\/2024\/06\/Image-00-Premiere-Abitation-Champlain-1613-NB-MAC-scaled.jpg\" alt=\"\" class=\"wp-image-6123\" style=\"width:485px;height:auto\" srcset=\"https:\/\/histoirequebec.qc.ca\/wp-content\/uploads\/2024\/06\/Image-00-Premiere-Abitation-Champlain-1613-NB-MAC-scaled.jpg 2560w, https:\/\/histoirequebec.qc.ca\/wp-content\/uploads\/2024\/06\/Image-00-Premiere-Abitation-Champlain-1613-NB-MAC-300x260.jpg 300w, https:\/\/histoirequebec.qc.ca\/wp-content\/uploads\/2024\/06\/Image-00-Premiere-Abitation-Champlain-1613-NB-MAC-1024x887.jpg 1024w, https:\/\/histoirequebec.qc.ca\/wp-content\/uploads\/2024\/06\/Image-00-Premiere-Abitation-Champlain-1613-NB-MAC-768x666.jpg 768w, https:\/\/histoirequebec.qc.ca\/wp-content\/uploads\/2024\/06\/Image-00-Premiere-Abitation-Champlain-1613-NB-MAC-1536x1331.jpg 1536w, https:\/\/histoirequebec.qc.ca\/wp-content\/uploads\/2024\/06\/Image-00-Premiere-Abitation-Champlain-1613-NB-MAC-2048x1775.jpg 2048w, https:\/\/histoirequebec.qc.ca\/wp-content\/uploads\/2024\/06\/Image-00-Premiere-Abitation-Champlain-1613-NB-MAC-600x520.jpg 600w\" sizes=\"auto, (max-width: 2560px) 100vw, 2560px\" \/><figcaption class=\"wp-element-caption\">Screenshot<\/figcaption><\/figure>\n\n\n\n<figure class=\"wp-block-image size-full\"><img loading=\"lazy\" decoding=\"async\" width=\"659\" height=\"426\" src=\"https:\/\/histoirequebec.qc.ca\/wp-content\/uploads\/2024\/06\/Capture-decran-le-2024-05-07-a-23.19.04-2.png\" alt=\"\" class=\"wp-image-9742\" srcset=\"https:\/\/histoirequebec.qc.ca\/wp-content\/uploads\/2024\/06\/Capture-decran-le-2024-05-07-a-23.19.04-2.png 659w, https:\/\/histoirequebec.qc.ca\/wp-content\/uploads\/2024\/06\/Capture-decran-le-2024-05-07-a-23.19.04-2-300x194.png 300w, https:\/\/histoirequebec.qc.ca\/wp-content\/uploads\/2024\/06\/Capture-decran-le-2024-05-07-a-23.19.04-2-600x388.png 600w\" sizes=\"auto, (max-width: 659px) 100vw, 659px\" \/><\/figure>\n<\/div>\n\n\n\n<div class=\"wp-block-column is-layout-flow wp-block-column-is-layout-flow\">\n<p class=\"has-red-color has-text-color has-link-color has-large-font-size wp-elements-1 wp-block-paragraph\"><strong>La Soci\u00e9t\u00e9 d\u2019histoire Sieur de Champlain<\/strong> est un organisme culturel sans but lucratif, fond\u00e9 \u00e0 Qu\u00e9bec, le <br>17 octobre 2011, d\u2019abord connue sous l\u2019appellation Association pour la recherche du site historique de la chapelle Champlain. En 2023, elle se donne une nouvelle mission plus \u00e9largie et de nouveaux objectifs pour devenir une soci\u00e9t\u00e9 d\u2019histoire \u00e0 part enti\u00e8re.&nbsp;<\/p>\n\n\n\n<p class=\"has-red-color has-text-color has-link-color has-large-font-size wp-elements-2 wp-block-paragraph\">Elle souhaite rassembler toutes les personnes et tous les organismes int\u00e9ress\u00e9s par le Sieur Samuel de Champlain, navigateur, explorateur, cartographe, g\u00e9ographe, fondateur de la ville de Qu\u00e9bec, p\u00e8re de la Nouvelle-France et de l\u2019Am\u00e9rique fran\u00e7aise. Elle d\u00e9sire mieux faire conna\u00eetre et mettre en valeur cet important personnage historique, sa vie, son \u0153uvre et son h\u00e9ritage ainsi que ses contemporains. Elle entend lui redonner toute la place qui lui revient sur la plus haute st\u00e8le de l\u2019histoire du Qu\u00e9bec.<\/p>\n<\/div>\n<\/div>\n\n\n\n<h3 class=\"wp-block-heading\"><strong>418<sup>e<\/sup> ANNIVERSAIRE DE QU\u00c9BEC <\/strong><\/h3>\n\n\n\n<h2 class=\"wp-block-heading\">Hommage \u00e0 Champlain <br>Qu\u00e9bec, 3 juillet 2026<\/h2>\n\n\n\n<p class=\"wp-block-paragraph\"><a href=\"https:\/\/youtu.be\/-BU-fvSa9Y0\">https:\/\/youtu.be\/-BU-fvSa9Y0<\/a><\/p>\n\n\n\n<p class=\"wp-block-paragraph\">Pr\u00e9sent\u00e9 par Marie-Jeanne Carri\u00e8re, historienne et tr\u00e9sori\u00e8re de la Soci\u00e9t\u00e9 d&rsquo;histoire Sieur de Champlain<br>Lieu : Monast\u00e8re des Augustines, Salles Noviciat I et II, 77, rue des Remparts, Qu\u00e9bec<br><\/p>\n\n\n\n<h2 class=\"wp-block-heading\">Devenir membre de la Soci\u00e9t\u00e9 d&rsquo;histoire Sieur de Champlain<\/h2>\n\n\n<div class=\"zeffy  other \" data-aos=\"fade-down\" data-aos-delay=\"300\">\n    <iframe \n        style='position: absolute; border: 0; top:0;left:0;bottom:0;right:0;width:100%;height:100%' \n        src='https:\/\/www.zeffy.com\/fr-CA\/ticketing\/adhesion-2026-a-la-societe-dhistoire-sieur-de-champlain' \n        allowpaymentrequest allowTransparency=\"true\">\n    <\/iframe>\n<\/div>\n\n\n<p class=\"wp-block-paragraph\"><\/p>\n\n\n\n<p class=\"wp-block-paragraph\"><\/p>\n\n\n\n<p class=\"wp-block-paragraph\"><\/p>\n\n\n<div class=\"zeffy  other \" data-aos=\"fade-down\" data-aos-delay=\"300\">\n    <iframe \n        style='position: absolute; border: 0; top:0;left:0;bottom:0;right:0;width:100%;height:100%' \n        src='' \n        allowpaymentrequest allowTransparency=\"true\">\n    <\/iframe>\n<\/div>","protected":false},"author":201,"featured_media":9648,"template":"","member_region":[85],"member_activity":[61,22,140,57],"member_expertise":[49,42,27,31],"member_type":[120],"wf_member_folders":[],"class_list":["post-5516","member","type-member","status-publish","has-post-thumbnail","hentry","member_region-capitale-nationale","member_activity-commemoration-activites-de","member_activity-conferences","member_activity-mediation-et-visites-guidees","member_activity-recherche","member_expertise-archeologie","member_expertise-colonisation-francaise-et-nouvelle-france-1608-1763","member_expertise-familles-ascendance-genealogie","member_expertise-patrimoine-bati-patrimoine-architectural","member_type-societe-dhistoire-et-ou-de-genealogie"],"acf":[],"yoast_head":"<!-- This site is optimized with the Yoast SEO plugin v28.3 - https:\/\/yoast.com\/product\/yoast-seo-wordpress\/ -->\n<title>Soci\u00e9t\u00e9 d&#039;histoire Sieur de Champlain - F\u00e9d\u00e9ration Histoire Qu\u00e9bec<\/title>\n<meta name=\"robots\" content=\"index, follow, max-snippet:-1, max-image-preview:large, max-video-preview:-1\" \/>\n<link rel=\"canonical\" href=\"https:\/\/histoirequebec.qc.ca\/?member=societe-dhistoire-sieur-de-champlain\" \/>\n<meta property=\"og:locale\" content=\"fr_CA\" \/>\n<meta property=\"og:type\" content=\"article\" \/>\n<meta property=\"og:title\" content=\"Soci\u00e9t\u00e9 d&#039;histoire Sieur de Champlain - F\u00e9d\u00e9ration Histoire Qu\u00e9bec\" \/>\n<meta property=\"og:description\" content=\"La Soci\u00e9t\u00e9 d\u2019histoire Sieur de Champlain est un organisme culturel sans but lucratif, fond\u00e9 \u00e0 Qu\u00e9bec, le 17 octobre 2011, d\u2019abord connue sous l\u2019appellation Association pour la recherche du site historique de la chapelle Champlain. En 2023, elle se donne une nouvelle mission plus \u00e9largie et de nouveaux objectifs pour devenir une soci\u00e9t\u00e9 d\u2019histoire \u00e0 [&hellip;]\" \/>\n<meta property=\"og:url\" content=\"https:\/\/histoirequebec.qc.ca\/?member=societe-dhistoire-sieur-de-champlain\" \/>\n<meta property=\"og:site_name\" content=\"F\u00e9d\u00e9ration Histoire Qu\u00e9bec\" \/>\n<meta property=\"article:publisher\" content=\"https:\/\/www.facebook.com\/histoirequebec\/\" \/>\n<meta property=\"article:modified_time\" content=\"2026-07-26T04:39:17+00:00\" \/>\n<meta property=\"og:image\" content=\"https:\/\/histoirequebec.qc.ca\/wp-content\/uploads\/2024\/06\/SHSDC-Logo-2026-bourgogne-sur-blanc.png\" \/>\n\t<meta property=\"og:image:width\" content=\"1542\" \/>\n\t<meta property=\"og:image:height\" content=\"708\" \/>\n\t<meta property=\"og:image:type\" content=\"image\/png\" \/>\n<meta name=\"twitter:card\" content=\"summary_large_image\" \/>\n<meta name=\"twitter:site\" content=\"@FhqQubec\" \/>\n<meta name=\"twitter:label1\" content=\"Estimation du temps de lecture\" \/>\n\t<meta name=\"twitter:data1\" content=\"2 minutes\" \/>\n<script type=\"application\/ld+json\" class=\"yoast-schema-graph\">{\"@context\":\"https:\\\/\\\/schema.org\",\"@graph\":[{\"@type\":\"WebPage\",\"@id\":\"https:\\\/\\\/histoirequebec.qc.ca\\\/?member=societe-dhistoire-sieur-de-champlain\",\"url\":\"https:\\\/\\\/histoirequebec.qc.ca\\\/?member=societe-dhistoire-sieur-de-champlain\",\"name\":\"Soci\u00e9t\u00e9 d'histoire Sieur de Champlain - F\u00e9d\u00e9ration Histoire Qu\u00e9bec\",\"isPartOf\":{\"@id\":\"https:\\\/\\\/histoirequebec.qc.ca\\\/#website\"},\"primaryImageOfPage\":{\"@id\":\"https:\\\/\\\/histoirequebec.qc.ca\\\/?member=societe-dhistoire-sieur-de-champlain#primaryimage\"},\"image\":{\"@id\":\"https:\\\/\\\/histoirequebec.qc.ca\\\/?member=societe-dhistoire-sieur-de-champlain#primaryimage\"},\"thumbnailUrl\":\"https:\\\/\\\/histoirequebec.qc.ca\\\/wp-content\\\/uploads\\\/2024\\\/06\\\/SHSDC-Logo-2026-bourgogne-sur-blanc.png\",\"datePublished\":\"2024-06-25T20:04:44+00:00\",\"dateModified\":\"2026-07-26T04:39:17+00:00\",\"breadcrumb\":{\"@id\":\"https:\\\/\\\/histoirequebec.qc.ca\\\/?member=societe-dhistoire-sieur-de-champlain#breadcrumb\"},\"inLanguage\":\"fr-CA\",\"potentialAction\":[{\"@type\":\"ReadAction\",\"target\":[\"https:\\\/\\\/histoirequebec.qc.ca\\\/?member=societe-dhistoire-sieur-de-champlain\"]}]},{\"@type\":\"ImageObject\",\"inLanguage\":\"fr-CA\",\"@id\":\"https:\\\/\\\/histoirequebec.qc.ca\\\/?member=societe-dhistoire-sieur-de-champlain#primaryimage\",\"url\":\"https:\\\/\\\/histoirequebec.qc.ca\\\/wp-content\\\/uploads\\\/2024\\\/06\\\/SHSDC-Logo-2026-bourgogne-sur-blanc.png\",\"contentUrl\":\"https:\\\/\\\/histoirequebec.qc.ca\\\/wp-content\\\/uploads\\\/2024\\\/06\\\/SHSDC-Logo-2026-bourgogne-sur-blanc.png\",\"width\":1542,\"height\":708},{\"@type\":\"BreadcrumbList\",\"@id\":\"https:\\\/\\\/histoirequebec.qc.ca\\\/?member=societe-dhistoire-sieur-de-champlain#breadcrumb\",\"itemListElement\":[{\"@type\":\"ListItem\",\"position\":1,\"name\":\"Accueil\",\"item\":\"https:\\\/\\\/histoirequebec.qc.ca\\\/\"},{\"@type\":\"ListItem\",\"position\":2,\"name\":\"Membres\",\"item\":\"https:\\\/\\\/histoirequebec.qc.ca\\\/?post_type=member\"},{\"@type\":\"ListItem\",\"position\":3,\"name\":\"Soci\u00e9t\u00e9 d&rsquo;histoire Sieur de Champlain\"}]},{\"@type\":\"WebSite\",\"@id\":\"https:\\\/\\\/histoirequebec.qc.ca\\\/#website\",\"url\":\"https:\\\/\\\/histoirequebec.qc.ca\\\/\",\"name\":\"F\u00e9d\u00e9ration Histoire Qu\u00e9bec\",\"description\":\"\",\"publisher\":{\"@id\":\"https:\\\/\\\/histoirequebec.qc.ca\\\/#organization\"},\"potentialAction\":[{\"@type\":\"SearchAction\",\"target\":{\"@type\":\"EntryPoint\",\"urlTemplate\":\"https:\\\/\\\/histoirequebec.qc.ca\\\/?s={search_term_string}\"},\"query-input\":{\"@type\":\"PropertyValueSpecification\",\"valueRequired\":true,\"valueName\":\"search_term_string\"}}],\"inLanguage\":\"fr-CA\"},{\"@type\":\"Organization\",\"@id\":\"https:\\\/\\\/histoirequebec.qc.ca\\\/#organization\",\"name\":\"F\u00e9d\u00e9ration Histoire Qu\u00e9bec\",\"url\":\"https:\\\/\\\/histoirequebec.qc.ca\\\/\",\"logo\":{\"@type\":\"ImageObject\",\"inLanguage\":\"fr-CA\",\"@id\":\"https:\\\/\\\/histoirequebec.qc.ca\\\/#\\\/schema\\\/logo\\\/image\\\/\",\"url\":\"https:\\\/\\\/histoirequebec.qc.ca\\\/wp-content\\\/uploads\\\/2023\\\/12\\\/header_logo.png\",\"contentUrl\":\"https:\\\/\\\/histoirequebec.qc.ca\\\/wp-content\\\/uploads\\\/2023\\\/12\\\/header_logo.png\",\"width\":250,\"height\":87,\"caption\":\"F\u00e9d\u00e9ration Histoire Qu\u00e9bec\"},\"image\":{\"@id\":\"https:\\\/\\\/histoirequebec.qc.ca\\\/#\\\/schema\\\/logo\\\/image\\\/\"},\"sameAs\":[\"https:\\\/\\\/www.facebook.com\\\/histoirequebec\\\/\",\"https:\\\/\\\/x.com\\\/FhqQubec\",\"https:\\\/\\\/www.linkedin.com\\\/company\\\/fdration-histoire-qubec\",\"https:\\\/\\\/www.instagram.com\\\/federationhistoirequebec\\\/\",\"https:\\\/\\\/masto.ai\\\/@HistoireQuebec\"]}]}<\/script>\n<!-- \/ Yoast SEO plugin. -->","yoast_head_json":{"title":"Soci\u00e9t\u00e9 d'histoire Sieur de Champlain - F\u00e9d\u00e9ration Histoire Qu\u00e9bec","robots":{"index":"index","follow":"follow","max-snippet":"max-snippet:-1","max-image-preview":"max-image-preview:large","max-video-preview":"max-video-preview:-1"},"canonical":"https:\/\/histoirequebec.qc.ca\/?member=societe-dhistoire-sieur-de-champlain","og_locale":"fr_CA","og_type":"article","og_title":"Soci\u00e9t\u00e9 d'histoire Sieur de Champlain - F\u00e9d\u00e9ration Histoire Qu\u00e9bec","og_description":"La Soci\u00e9t\u00e9 d\u2019histoire Sieur de Champlain est un organisme culturel sans but lucratif, fond\u00e9 \u00e0 Qu\u00e9bec, le 17 octobre 2011, d\u2019abord connue sous l\u2019appellation Association pour la recherche du site historique de la chapelle Champlain. En 2023, elle se donne une nouvelle mission plus \u00e9largie et de nouveaux objectifs pour devenir une soci\u00e9t\u00e9 d\u2019histoire \u00e0 [&hellip;]","og_url":"https:\/\/histoirequebec.qc.ca\/?member=societe-dhistoire-sieur-de-champlain","og_site_name":"F\u00e9d\u00e9ration Histoire Qu\u00e9bec","article_publisher":"https:\/\/www.facebook.com\/histoirequebec\/","article_modified_time":"2026-07-26T04:39:17+00:00","og_image":[{"width":1542,"height":708,"url":"https:\/\/histoirequebec.qc.ca\/wp-content\/uploads\/2024\/06\/SHSDC-Logo-2026-bourgogne-sur-blanc.png","type":"image\/png"}],"twitter_card":"summary_large_image","twitter_site":"@FhqQubec","twitter_misc":{"Estimation du temps de lecture":"2 minutes"},"schema":{"@context":"https:\/\/schema.org","@graph":[{"@type":"WebPage","@id":"https:\/\/histoirequebec.qc.ca\/?member=societe-dhistoire-sieur-de-champlain","url":"https:\/\/histoirequebec.qc.ca\/?member=societe-dhistoire-sieur-de-champlain","name":"Soci\u00e9t\u00e9 d'histoire Sieur de Champlain - F\u00e9d\u00e9ration Histoire Qu\u00e9bec","isPartOf":{"@id":"https:\/\/histoirequebec.qc.ca\/#website"},"primaryImageOfPage":{"@id":"https:\/\/histoirequebec.qc.ca\/?member=societe-dhistoire-sieur-de-champlain#primaryimage"},"image":{"@id":"https:\/\/histoirequebec.qc.ca\/?member=societe-dhistoire-sieur-de-champlain#primaryimage"},"thumbnailUrl":"https:\/\/histoirequebec.qc.ca\/wp-content\/uploads\/2024\/06\/SHSDC-Logo-2026-bourgogne-sur-blanc.png","datePublished":"2024-06-25T20:04:44+00:00","dateModified":"2026-07-26T04:39:17+00:00","breadcrumb":{"@id":"https:\/\/histoirequebec.qc.ca\/?member=societe-dhistoire-sieur-de-champlain#breadcrumb"},"inLanguage":"fr-CA","potentialAction":[{"@type":"ReadAction","target":["https:\/\/histoirequebec.qc.ca\/?member=societe-dhistoire-sieur-de-champlain"]}]},{"@type":"ImageObject","inLanguage":"fr-CA","@id":"https:\/\/histoirequebec.qc.ca\/?member=societe-dhistoire-sieur-de-champlain#primaryimage","url":"https:\/\/histoirequebec.qc.ca\/wp-content\/uploads\/2024\/06\/SHSDC-Logo-2026-bourgogne-sur-blanc.png","contentUrl":"https:\/\/histoirequebec.qc.ca\/wp-content\/uploads\/2024\/06\/SHSDC-Logo-2026-bourgogne-sur-blanc.png","width":1542,"height":708},{"@type":"BreadcrumbList","@id":"https:\/\/histoirequebec.qc.ca\/?member=societe-dhistoire-sieur-de-champlain#breadcrumb","itemListElement":[{"@type":"ListItem","position":1,"name":"Accueil","item":"https:\/\/histoirequebec.qc.ca\/"},{"@type":"ListItem","position":2,"name":"Membres","item":"https:\/\/histoirequebec.qc.ca\/?post_type=member"},{"@type":"ListItem","position":3,"name":"Soci\u00e9t\u00e9 d&rsquo;histoire Sieur de Champlain"}]},{"@type":"WebSite","@id":"https:\/\/histoirequebec.qc.ca\/#website","url":"https:\/\/histoirequebec.qc.ca\/","name":"F\u00e9d\u00e9ration Histoire Qu\u00e9bec","description":"","publisher":{"@id":"https:\/\/histoirequebec.qc.ca\/#organization"},"potentialAction":[{"@type":"SearchAction","target":{"@type":"EntryPoint","urlTemplate":"https:\/\/histoirequebec.qc.ca\/?s={search_term_string}"},"query-input":{"@type":"PropertyValueSpecification","valueRequired":true,"valueName":"search_term_string"}}],"inLanguage":"fr-CA"},{"@type":"Organization","@id":"https:\/\/histoirequebec.qc.ca\/#organization","name":"F\u00e9d\u00e9ration Histoire Qu\u00e9bec","url":"https:\/\/histoirequebec.qc.ca\/","logo":{"@type":"ImageObject","inLanguage":"fr-CA","@id":"https:\/\/histoirequebec.qc.ca\/#\/schema\/logo\/image\/","url":"https:\/\/histoirequebec.qc.ca\/wp-content\/uploads\/2023\/12\/header_logo.png","contentUrl":"https:\/\/histoirequebec.qc.ca\/wp-content\/uploads\/2023\/12\/header_logo.png","width":250,"height":87,"caption":"F\u00e9d\u00e9ration Histoire Qu\u00e9bec"},"image":{"@id":"https:\/\/histoirequebec.qc.ca\/#\/schema\/logo\/image\/"},"sameAs":["https:\/\/www.facebook.com\/histoirequebec\/","https:\/\/x.com\/FhqQubec","https:\/\/www.linkedin.com\/company\/fdration-histoire-qubec","https:\/\/www.instagram.com\/federationhistoirequebec\/","https:\/\/masto.ai\/@HistoireQuebec"]}]}},"_links":{"self":[{"href":"https:\/\/histoirequebec.qc.ca\/index.php?rest_route=\/wp\/v2\/member\/5516","targetHints":{"allow":["GET"]}}],"collection":[{"href":"https:\/\/histoirequebec.qc.ca\/index.php?rest_route=\/wp\/v2\/member"}],"about":[{"href":"https:\/\/histoirequebec.qc.ca\/index.php?rest_route=\/wp\/v2\/types\/member"}],"author":[{"embeddable":true,"href":"https:\/\/histoirequebec.qc.ca\/index.php?rest_route=\/wp\/v2\/users\/201"}],"wp:featuredmedia":[{"embeddable":true,"href":"https:\/\/histoirequebec.qc.ca\/index.php?rest_route=\/wp\/v2\/media\/9648"}],"wp:attachment":[{"href":"https:\/\/histoirequebec.qc.ca\/index.php?rest_route=%2Fwp%2Fv2%2Fmedia&parent=5516"}],"wp:term":[{"taxonomy":"member_region","embeddable":true,"href":"https:\/\/histoirequebec.qc.ca\/index.php?rest_route=%2Fwp%2Fv2%2Fmember_region&post=5516"},{"taxonomy":"member_activity","embeddable":true,"href":"https:\/\/histoirequebec.qc.ca\/index.php?rest_route=%2Fwp%2Fv2%2Fmember_activity&post=5516"},{"taxonomy":"member_expertise","embeddable":true,"href":"https:\/\/histoirequebec.qc.ca\/index.php?rest_route=%2Fwp%2Fv2%2Fmember_expertise&post=5516"},{"taxonomy":"member_type","embeddable":true,"href":"https:\/\/histoirequebec.qc.ca\/index.php?rest_route=%2Fwp%2Fv2%2Fmember_type&post=5516"},{"taxonomy":"wf_member_folders","embeddable":true,"href":"https:\/\/histoirequebec.qc.ca\/index.php?rest_route=%2Fwp%2Fv2%2Fwf_member_folders&post=5516"}],"curies":[{"name":"wp","href":"https:\/\/api.w.org\/{rel}","templated":true}]}}